{"id":2234,"date":"2023-07-21T09:45:02","date_gmt":"2023-07-21T09:45:02","guid":{"rendered":"http:\/\/portal550.aevn.pt\/?page_id=2234"},"modified":"2023-07-21T09:48:51","modified_gmt":"2023-07-21T09:48:51","slug":"tecnico-a-de-apoio-psicossocial","status":"publish","type":"page","link":"http:\/\/portal550.aevn.pt\/index.php\/alunos\/cursos-profissionais\/tecnico-a-de-apoio-psicossocial\/","title":{"rendered":"T\u00e9cnico\/a de Apoio Psicossocial"},"content":{"rendered":"\n<div class=\"wp-block-uagb-container uagb-block-321965f1 alignfull uagb-is-root-container\"><div class=\"uagb-container-inner-blocks-wrap\">\n<div class=\"wp-block-uagb-container uagb-block-1bb7c292\">\n<h3 class=\"wp-block-heading\">Descri\u00e7\u00e3o Geral<\/h3>\n\n\n\n<p>Promover integrado em equipas multidisciplinares, o desenvolvimento psicossocial de indiv\u00edduos, de grupos e comunidades em contextos sociais de maior vulnerabilidade, com enfoque nos n\u00edveis de risco e no ciclo de vida, potenciando as capacidades internas como apoio na reconstru\u00e7\u00e3o de um percurso de vida aut\u00f3nomo, produtivo e com qualidade.<\/p>\n<\/div>\n<\/div><\/div>\n\n\n\n<div class=\"wp-block-uagb-container uagb-block-31c9abd9 alignfull uagb-is-root-container\"><div class=\"uagb-container-inner-blocks-wrap\">\n<div class=\"wp-block-uagb-container uagb-block-82d7ae9c\">\n<h3 class=\"wp-block-heading\">Atividades Principais<\/h3>\n\n\n\n<ul class=\"wp-block-list\">\n<li>Colaborar na identifica\u00e7\u00e3o, an\u00e1lise e avalia\u00e7\u00e3o diagn\u00f3stica de indiv\u00edduos, grupos ou comunidades em diferentes contextos de vulnerabilidade e risco biopsicossocial.<\/li>\n\n\n\n<li>Desenhar e planear em conjunto com as equipas t\u00e9cnicas multidisciplinares projetos de interven\u00e7\u00e3o social que deem resposta \u00e0s necessidades diagnosticadas.<\/li>\n\n\n\n<li>Intervir, integrado em equipas multidisciplinares, na organiza\u00e7\u00e3o e dinamiza\u00e7\u00e3o de projetos de interven\u00e7\u00e3o social de resposta \u00e0s necessidades diagnosticadas.<\/li>\n\n\n\n<li>Promover o estabelecimento de redes entre os v\u00e1rios parceiros sociais, articulando a sua interven\u00e7\u00e3o nas respostas aos problemas detetados.<\/li>\n\n\n\n<li>Monitorizar e avaliar em equipa multidisciplinar a evolu\u00e7\u00e3o dos processos em acompanhamento nos dom\u00ednios da interven\u00e7\u00e3o.<\/li>\n\n\n\n<li>Colaborar na implementa\u00e7\u00e3o de ferramentas de avalia\u00e7\u00e3o de impacto social sustentadas em indicadores que calculam o retorno do investimento nos projetos permitindo melhorias no seu desempenho e gest\u00e3o.<\/li>\n\n\n\n<li>Participar em a\u00e7\u00f5es de interven\u00e7\u00e3o preventiva (Universal e Seletiva), em equipa multidisciplinar, no \u00e2mbito dos comportamentos aditivos e nas depend\u00eancias, com ou sem subst\u00e2ncia em diversos contextos, nomeadamente contexto educativo e comunit\u00e1rio.<\/li>\n\n\n\n<li>Colaborar em atividades de interven\u00e7\u00e3o de Redu\u00e7\u00e3o de Riscos e Minimiza\u00e7\u00e3o de Danos (RRMD) associados aos consumos de sust\u00e2ncias psicoativas l\u00edcitas e il\u00edcitas, em equipas multidisciplinares. Colaborar em atividades de interven\u00e7\u00e3o no \u00e2mbito da reinser\u00e7\u00e3o social, em equipas multidisciplinares.<\/li>\n\n\n\n<li>Colaborar em atividades de interven\u00e7\u00e3o no \u00e2mbito da sa\u00fade mental, em equipas multidisciplinares.<\/li>\n\n\n\n<li>Colaborar em atividades de interven\u00e7\u00e3o no \u00e2mbito da defici\u00eancia, em equipas multidisciplinares.<\/li>\n\n\n\n<li>Colaborar na elabora\u00e7\u00e3o de relat\u00f3rios de atividades do projeto de interven\u00e7\u00e3o.<\/li>\n<\/ul>\n<\/div>\n<\/div><\/div>\n\n\n\n<div class=\"wp-block-uagb-container uagb-block-a982e18d alignfull uagb-is-root-container\"><div class=\"uagb-container-inner-blocks-wrap\">\n<div class=\"wp-block-uagb-container uagb-block-d53cb744\">\n<h3 class=\"wp-block-heading\">Outras informa\u00e7\u00f5es<\/h3>\n\n\n\n<ul class=\"wp-block-list\">\n<li><a href=\"https:\/\/catalogo.anqep.gov.pt\/qualificacoesDetalhe\/7325\" target=\"_blank\" rel=\"noreferrer noopener\">Referencial de Forma\u00e7\u00e3o<\/a><\/li>\n\n\n\n<li><a href=\"https:\/\/aevn.pt\/index.php\/82-agrupamento\/335-criterios-de-avaliacao-cursos-profissionais\">Crit\u00e9rios de Avalia\u00e7\u00e3o<\/a><\/li>\n<\/ul>\n<\/div>\n<\/div><\/div>\n","protected":false},"excerpt":{"rendered":"<p>Descri\u00e7\u00e3o Geral Promover integrado em equipas multidisciplinares, o desenvolvimento psicossocial de indiv\u00edduos, de grupos e comunidades em contextos sociais de maior vulnerabilidade, com enfoque nos&hellip;<\/p>\n","protected":false},"author":1,"featured_media":0,"parent":1542,"menu_order":0,"comment_status":"closed","ping_status":"closed","template":"","meta":{"qubely_global_settings":"","qubely_interactions":"","_uag_custom_page_level_css":"","footnotes":""},"class_list":["post-2234","page","type-page","status-publish","hentry"],"yoast_head":"<!-- This site is optimized with the Yoast SEO plugin v26.3 - https:\/\/yoast.com\/wordpress\/plugins\/seo\/ -->\n<title>T\u00e9cnico\/a de Apoio Psicossocial - Agrupamento de Escolas de Vendas Novas<\/title>\n<meta name=\"robots\" content=\"index, follow, max-snippet:-1, max-image-preview:large, max-video-preview:-1\" \/>\n<link rel=\"canonical\" href=\"http:\/\/portal550.aevn.pt\/index.php\/alunos\/cursos-profissionais\/tecnico-a-de-apoio-psicossocial\/\" \/>\n<meta property=\"og:locale\" content=\"pt_PT\" \/>\n<meta property=\"og:type\" content=\"article\" \/>\n<meta property=\"og:title\" content=\"T\u00e9cnico\/a de Apoio Psicossocial - Agrupamento de Escolas de Vendas Novas\" \/>\n<meta property=\"og:description\" content=\"Descri\u00e7\u00e3o Geral Promover integrado em equipas multidisciplinares, o desenvolvimento psicossocial de indiv\u00edduos, de grupos e comunidades em contextos sociais de maior vulnerabilidade, com enfoque nos&hellip;\" \/>\n<meta property=\"og:url\" content=\"http:\/\/portal550.aevn.pt\/index.php\/alunos\/cursos-profissionais\/tecnico-a-de-apoio-psicossocial\/\" \/>\n<meta property=\"og:site_name\" content=\"Agrupamento de Escolas de Vendas Novas\" \/>\n<meta property=\"article:publisher\" content=\"https:\/\/www.facebook.com\/agrupamentoescolasvendasnovas\" \/>\n<meta property=\"article:modified_time\" content=\"2023-07-21T09:48:51+00:00\" \/>\n<meta name=\"twitter:card\" content=\"summary_large_image\" \/>\n<meta name=\"twitter:label1\" content=\"Tempo estimado de leitura\" \/>\n\t<meta name=\"twitter:data1\" content=\"2 minutos\" \/>\n<script type=\"application\/ld+json\" class=\"yoast-schema-graph\">{\"@context\":\"https:\/\/schema.org\",\"@graph\":[{\"@type\":\"WebPage\",\"@id\":\"http:\/\/portal550.aevn.pt\/index.php\/alunos\/cursos-profissionais\/tecnico-a-de-apoio-psicossocial\/\",\"url\":\"http:\/\/portal550.aevn.pt\/index.php\/alunos\/cursos-profissionais\/tecnico-a-de-apoio-psicossocial\/\",\"name\":\"T\u00e9cnico\/a de Apoio Psicossocial - Agrupamento de Escolas de Vendas Novas\",\"isPartOf\":{\"@id\":\"http:\/\/portal550.aevn.pt\/#website\"},\"datePublished\":\"2023-07-21T09:45:02+00:00\",\"dateModified\":\"2023-07-21T09:48:51+00:00\",\"breadcrumb\":{\"@id\":\"http:\/\/portal550.aevn.pt\/index.php\/alunos\/cursos-profissionais\/tecnico-a-de-apoio-psicossocial\/#breadcrumb\"},\"inLanguage\":\"pt-PT\",\"potentialAction\":[{\"@type\":\"ReadAction\",\"target\":[\"http:\/\/portal550.aevn.pt\/index.php\/alunos\/cursos-profissionais\/tecnico-a-de-apoio-psicossocial\/\"]}]},{\"@type\":\"BreadcrumbList\",\"@id\":\"http:\/\/portal550.aevn.pt\/index.php\/alunos\/cursos-profissionais\/tecnico-a-de-apoio-psicossocial\/#breadcrumb\",\"itemListElement\":[{\"@type\":\"ListItem\",\"position\":1,\"name\":\"In\u00edcio\",\"item\":\"http:\/\/portal550.aevn.pt\/\"},{\"@type\":\"ListItem\",\"position\":2,\"name\":\"Alunos\",\"item\":\"http:\/\/portal550.aevn.pt\/index.php\/alunos\/\"},{\"@type\":\"ListItem\",\"position\":3,\"name\":\"Cursos Profissionais\",\"item\":\"http:\/\/portal550.aevn.pt\/index.php\/alunos\/cursos-profissionais\/\"},{\"@type\":\"ListItem\",\"position\":4,\"name\":\"T\u00e9cnico\/a de Apoio Psicossocial\"}]},{\"@type\":\"WebSite\",\"@id\":\"http:\/\/portal550.aevn.pt\/#website\",\"url\":\"http:\/\/portal550.aevn.pt\/\",\"name\":\"Agrupamento de Escolas de Vendas Novas\",\"description\":\"\",\"publisher\":{\"@id\":\"http:\/\/portal550.aevn.pt\/#organization\"},\"potentialAction\":[{\"@type\":\"SearchAction\",\"target\":{\"@type\":\"EntryPoint\",\"urlTemplate\":\"http:\/\/portal550.aevn.pt\/?s={search_term_string}\"},\"query-input\":{\"@type\":\"PropertyValueSpecification\",\"valueRequired\":true,\"valueName\":\"search_term_string\"}}],\"inLanguage\":\"pt-PT\"},{\"@type\":\"Organization\",\"@id\":\"http:\/\/portal550.aevn.pt\/#organization\",\"name\":\"Agrupamento de Escolas de Vendas Novas\",\"url\":\"http:\/\/portal550.aevn.pt\/\",\"logo\":{\"@type\":\"ImageObject\",\"inLanguage\":\"pt-PT\",\"@id\":\"http:\/\/portal550.aevn.pt\/#\/schema\/logo\/image\/\",\"url\":\"http:\/\/portal550.aevn.pt\/wp-content\/uploads\/2023\/07\/logo_AEVNweb.png\",\"contentUrl\":\"http:\/\/portal550.aevn.pt\/wp-content\/uploads\/2023\/07\/logo_AEVNweb.png\",\"width\":500,\"height\":150,\"caption\":\"Agrupamento de Escolas de Vendas Novas\"},\"image\":{\"@id\":\"http:\/\/portal550.aevn.pt\/#\/schema\/logo\/image\/\"},\"sameAs\":[\"https:\/\/www.facebook.com\/agrupamentoescolasvendasnovas\"]}]}<\/script>\n<!-- \/ Yoast SEO plugin. -->","yoast_head_json":{"title":"T\u00e9cnico\/a de Apoio Psicossocial - Agrupamento de Escolas de Vendas Novas","robots":{"index":"index","follow":"follow","max-snippet":"max-snippet:-1","max-image-preview":"max-image-preview:large","max-video-preview":"max-video-preview:-1"},"canonical":"http:\/\/portal550.aevn.pt\/index.php\/alunos\/cursos-profissionais\/tecnico-a-de-apoio-psicossocial\/","og_locale":"pt_PT","og_type":"article","og_title":"T\u00e9cnico\/a de Apoio Psicossocial - Agrupamento de Escolas de Vendas Novas","og_description":"Descri\u00e7\u00e3o Geral Promover integrado em equipas multidisciplinares, o desenvolvimento psicossocial de indiv\u00edduos, de grupos e comunidades em contextos sociais de maior vulnerabilidade, com enfoque nos&hellip;","og_url":"http:\/\/portal550.aevn.pt\/index.php\/alunos\/cursos-profissionais\/tecnico-a-de-apoio-psicossocial\/","og_site_name":"Agrupamento de Escolas de Vendas Novas","article_publisher":"https:\/\/www.facebook.com\/agrupamentoescolasvendasnovas","article_modified_time":"2023-07-21T09:48:51+00:00","twitter_card":"summary_large_image","twitter_misc":{"Tempo estimado de leitura":"2 minutos"},"schema":{"@context":"https:\/\/schema.org","@graph":[{"@type":"WebPage","@id":"http:\/\/portal550.aevn.pt\/index.php\/alunos\/cursos-profissionais\/tecnico-a-de-apoio-psicossocial\/","url":"http:\/\/portal550.aevn.pt\/index.php\/alunos\/cursos-profissionais\/tecnico-a-de-apoio-psicossocial\/","name":"T\u00e9cnico\/a de Apoio Psicossocial - Agrupamento de Escolas de Vendas Novas","isPartOf":{"@id":"http:\/\/portal550.aevn.pt\/#website"},"datePublished":"2023-07-21T09:45:02+00:00","dateModified":"2023-07-21T09:48:51+00:00","breadcrumb":{"@id":"http:\/\/portal550.aevn.pt\/index.php\/alunos\/cursos-profissionais\/tecnico-a-de-apoio-psicossocial\/#breadcrumb"},"inLanguage":"pt-PT","potentialAction":[{"@type":"ReadAction","target":["http:\/\/portal550.aevn.pt\/index.php\/alunos\/cursos-profissionais\/tecnico-a-de-apoio-psicossocial\/"]}]},{"@type":"BreadcrumbList","@id":"http:\/\/portal550.aevn.pt\/index.php\/alunos\/cursos-profissionais\/tecnico-a-de-apoio-psicossocial\/#breadcrumb","itemListElement":[{"@type":"ListItem","position":1,"name":"In\u00edcio","item":"http:\/\/portal550.aevn.pt\/"},{"@type":"ListItem","position":2,"name":"Alunos","item":"http:\/\/portal550.aevn.pt\/index.php\/alunos\/"},{"@type":"ListItem","position":3,"name":"Cursos Profissionais","item":"http:\/\/portal550.aevn.pt\/index.php\/alunos\/cursos-profissionais\/"},{"@type":"ListItem","position":4,"name":"T\u00e9cnico\/a de Apoio Psicossocial"}]},{"@type":"WebSite","@id":"http:\/\/portal550.aevn.pt\/#website","url":"http:\/\/portal550.aevn.pt\/","name":"Agrupamento de Escolas de Vendas Novas","description":"","publisher":{"@id":"http:\/\/portal550.aevn.pt\/#organization"},"potentialAction":[{"@type":"SearchAction","target":{"@type":"EntryPoint","urlTemplate":"http:\/\/portal550.aevn.pt\/?s={search_term_string}"},"query-input":{"@type":"PropertyValueSpecification","valueRequired":true,"valueName":"search_term_string"}}],"inLanguage":"pt-PT"},{"@type":"Organization","@id":"http:\/\/portal550.aevn.pt\/#organization","name":"Agrupamento de Escolas de Vendas Novas","url":"http:\/\/portal550.aevn.pt\/","logo":{"@type":"ImageObject","inLanguage":"pt-PT","@id":"http:\/\/portal550.aevn.pt\/#\/schema\/logo\/image\/","url":"http:\/\/portal550.aevn.pt\/wp-content\/uploads\/2023\/07\/logo_AEVNweb.png","contentUrl":"http:\/\/portal550.aevn.pt\/wp-content\/uploads\/2023\/07\/logo_AEVNweb.png","width":500,"height":150,"caption":"Agrupamento de Escolas de Vendas Novas"},"image":{"@id":"http:\/\/portal550.aevn.pt\/#\/schema\/logo\/image\/"},"sameAs":["https:\/\/www.facebook.com\/agrupamentoescolasvendasnovas"]}]}},"uagb_featured_image_src":{"full":false,"thumbnail":false,"medium":false,"medium_large":false,"large":false,"1536x1536":false,"2048x2048":false,"qubely_landscape":false,"qubely_portrait":false,"qubely_thumbnail":false},"uagb_author_info":{"display_name":"admin","author_link":"http:\/\/portal550.aevn.pt\/index.php\/author\/f529\/"},"uagb_comment_info":0,"uagb_excerpt":"Descri\u00e7\u00e3o Geral Promover integrado em equipas multidisciplinares, o desenvolvimento psicossocial de indiv\u00edduos, de grupos e comunidades em contextos sociais de maior vulnerabilidade, com enfoque nos&hellip;","jetpack_sharing_enabled":true,"_links":{"self":[{"href":"http:\/\/portal550.aevn.pt\/index.php\/wp-json\/wp\/v2\/pages\/2234","targetHints":{"allow":["GET"]}}],"collection":[{"href":"http:\/\/portal550.aevn.pt\/index.php\/wp-json\/wp\/v2\/pages"}],"about":[{"href":"http:\/\/portal550.aevn.pt\/index.php\/wp-json\/wp\/v2\/types\/page"}],"author":[{"embeddable":true,"href":"http:\/\/portal550.aevn.pt\/index.php\/wp-json\/wp\/v2\/users\/1"}],"replies":[{"embeddable":true,"href":"http:\/\/portal550.aevn.pt\/index.php\/wp-json\/wp\/v2\/comments?post=2234"}],"version-history":[{"count":3,"href":"http:\/\/portal550.aevn.pt\/index.php\/wp-json\/wp\/v2\/pages\/2234\/revisions"}],"predecessor-version":[{"id":2241,"href":"http:\/\/portal550.aevn.pt\/index.php\/wp-json\/wp\/v2\/pages\/2234\/revisions\/2241"}],"up":[{"embeddable":true,"href":"http:\/\/portal550.aevn.pt\/index.php\/wp-json\/wp\/v2\/pages\/1542"}],"wp:attachment":[{"href":"http:\/\/portal550.aevn.pt\/index.php\/wp-json\/wp\/v2\/media?parent=2234"}],"curies":[{"name":"wp","href":"https:\/\/api.w.org\/{rel}","templated":true}]}}