{"id":1664,"date":"2023-07-13T22:23:40","date_gmt":"2023-07-13T22:23:40","guid":{"rendered":"http:\/\/portal550.aevn.pt\/?page_id=1664"},"modified":"2025-04-22T15:35:41","modified_gmt":"2025-04-22T15:35:41","slug":"escolas","status":"publish","type":"page","link":"http:\/\/portal550.aevn.pt\/index.php\/agrupamento\/escolas\/","title":{"rendered":"Escolas"},"content":{"rendered":"\t\t<div data-elementor-type=\"wp-page\" data-elementor-id=\"1664\" class=\"elementor elementor-1664\" data-elementor-post-type=\"page\">\n\t\t\t\t\t\t<section class=\"elementor-section elementor-top-section elementor-element elementor-element-06ee519 elementor-section-boxed elementor-section-height-default elementor-section-height-default\" data-id=\"06ee519\" data-element_type=\"section\">\n\t\t\t\t\t\t<div class=\"elementor-container elementor-column-gap-default\">\n\t\t\t\t\t<div class=\"elementor-column elementor-col-100 elementor-top-column elementor-element elementor-element-37ad1f5\" data-id=\"37ad1f5\" data-element_type=\"column\">\n\t\t\t<div class=\"elementor-widget-wrap elementor-element-populated\">\n\t\t\t\t\t\t<div class=\"elementor-element elementor-element-b80100f elementor-widget elementor-widget-gallery\" data-id=\"b80100f\" data-element_type=\"widget\" data-settings=\"{&quot;overlay_title&quot;:&quot;caption&quot;,&quot;lazyload&quot;:&quot;yes&quot;,&quot;gallery_layout&quot;:&quot;grid&quot;,&quot;columns&quot;:4,&quot;columns_tablet&quot;:2,&quot;columns_mobile&quot;:1,&quot;gap&quot;:{&quot;unit&quot;:&quot;px&quot;,&quot;size&quot;:10,&quot;sizes&quot;:[]},&quot;gap_tablet&quot;:{&quot;unit&quot;:&quot;px&quot;,&quot;size&quot;:10,&quot;sizes&quot;:[]},&quot;gap_mobile&quot;:{&quot;unit&quot;:&quot;px&quot;,&quot;size&quot;:10,&quot;sizes&quot;:[]},&quot;link_to&quot;:&quot;file&quot;,&quot;aspect_ratio&quot;:&quot;3:2&quot;,&quot;overlay_background&quot;:&quot;yes&quot;,&quot;content_hover_animation&quot;:&quot;fade-in&quot;}\" data-widget_type=\"gallery.default\">\n\t\t\t\t<div class=\"elementor-widget-container\">\n\t\t\t\t\t\t\t<div class=\"elementor-gallery__container\">\n\t\t\t\t\t\t\t<a class=\"e-gallery-item elementor-gallery-item elementor-animated-content\" href=\"http:\/\/portal550.aevn.pt\/wp-content\/uploads\/2023\/07\/esvn.png\" data-elementor-open-lightbox=\"yes\" data-elementor-lightbox-slideshow=\"b80100f\" data-elementor-lightbox-title=\"Escola Secund\u00e1ria de Vendas Novas\" data-e-action-hash=\"#elementor-action%3Aaction%3Dlightbox%26settings%3DeyJpZCI6MTg5NSwidXJsIjoiaHR0cDpcL1wvcG9ydGFsNTUwLmFldm4ucHRcL3dwLWNvbnRlbnRcL3VwbG9hZHNcLzIwMjNcLzA3XC9lc3ZuLnBuZyIsInNsaWRlc2hvdyI6ImI4MDEwMGYifQ%3D%3D\">\n\t\t\t\t\t<div class=\"e-gallery-image elementor-gallery-item__image\" data-thumbnail=\"http:\/\/portal550.aevn.pt\/wp-content\/uploads\/2023\/07\/esvn-300x195.png\" data-width=\"300\" data-height=\"195\" aria-label=\"\" role=\"img\" ><\/div>\n\t\t\t\t\t\t\t\t\t\t\t<div class=\"elementor-gallery-item__overlay\"><\/div>\n\t\t\t\t\t\t\t\t\t\t\t\t\t\t\t<div class=\"elementor-gallery-item__content\">\n\t\t\t\t\t\t\t\t\t\t\t\t\t\t<div class=\"elementor-gallery-item__title\">\n\t\t\t\t\t\t\t\t\t\t\t\t\t\t\t\t\t\tEscola Secund\u00e1ria de Vendas Novas\t\t\t\t\t\t\t\t<\/div>\n\t\t\t\t\t\t\t\t\t\t\t\t<\/div>\n\t\t\t\t\t\t\t\t\t<\/a>\n\t\t\t\t\t\t\t<a class=\"e-gallery-item elementor-gallery-item elementor-animated-content\" href=\"http:\/\/portal550.aevn.pt\/wp-content\/uploads\/2023\/07\/ebvn1.png\" data-elementor-open-lightbox=\"yes\" data-elementor-lightbox-slideshow=\"b80100f\" data-elementor-lightbox-title=\"Escola B\u00e1sica n\u00ba1 de Vendas Novas\" data-e-action-hash=\"#elementor-action%3Aaction%3Dlightbox%26settings%3DeyJpZCI6MTg5MywidXJsIjoiaHR0cDpcL1wvcG9ydGFsNTUwLmFldm4ucHRcL3dwLWNvbnRlbnRcL3VwbG9hZHNcLzIwMjNcLzA3XC9lYnZuMS5wbmciLCJzbGlkZXNob3ciOiJiODAxMDBmIn0%3D\">\n\t\t\t\t\t<div class=\"e-gallery-image elementor-gallery-item__image\" data-thumbnail=\"http:\/\/portal550.aevn.pt\/wp-content\/uploads\/2023\/07\/ebvn1-300x195.png\" data-width=\"300\" data-height=\"195\" aria-label=\"\" role=\"img\" ><\/div>\n\t\t\t\t\t\t\t\t\t\t\t<div class=\"elementor-gallery-item__overlay\"><\/div>\n\t\t\t\t\t\t\t\t\t\t\t\t\t\t\t<div class=\"elementor-gallery-item__content\">\n\t\t\t\t\t\t\t\t\t\t\t\t\t\t<div class=\"elementor-gallery-item__title\">\n\t\t\t\t\t\t\t\t\t\t\t\t\t\t\t\t\t\tEscola B\u00e1sica n\u00ba1 de Vendas Novas\t\t\t\t\t\t\t\t<\/div>\n\t\t\t\t\t\t\t\t\t\t\t\t<\/div>\n\t\t\t\t\t\t\t\t\t<\/a>\n\t\t\t\t\t\t\t<a class=\"e-gallery-item elementor-gallery-item elementor-animated-content\" href=\"http:\/\/portal550.aevn.pt\/wp-content\/uploads\/2023\/07\/ebvn2.png\" data-elementor-open-lightbox=\"yes\" data-elementor-lightbox-slideshow=\"b80100f\" data-elementor-lightbox-title=\"Escola B\u00e1sica n\u00ba2 de Vendas Novas\" data-e-action-hash=\"#elementor-action%3Aaction%3Dlightbox%26settings%3DeyJpZCI6MTg5NCwidXJsIjoiaHR0cDpcL1wvcG9ydGFsNTUwLmFldm4ucHRcL3dwLWNvbnRlbnRcL3VwbG9hZHNcLzIwMjNcLzA3XC9lYnZuMi5wbmciLCJzbGlkZXNob3ciOiJiODAxMDBmIn0%3D\">\n\t\t\t\t\t<div class=\"e-gallery-image elementor-gallery-item__image\" data-thumbnail=\"http:\/\/portal550.aevn.pt\/wp-content\/uploads\/2023\/07\/ebvn2-300x195.png\" data-width=\"300\" data-height=\"195\" aria-label=\"\" role=\"img\" ><\/div>\n\t\t\t\t\t\t\t\t\t\t\t<div class=\"elementor-gallery-item__overlay\"><\/div>\n\t\t\t\t\t\t\t\t\t\t\t\t\t\t\t<div class=\"elementor-gallery-item__content\">\n\t\t\t\t\t\t\t\t\t\t\t\t\t\t<div class=\"elementor-gallery-item__title\">\n\t\t\t\t\t\t\t\t\t\t\t\t\t\t\t\t\t\tEscola B\u00e1sica n\u00ba2 de Vendas Novas\t\t\t\t\t\t\t\t<\/div>\n\t\t\t\t\t\t\t\t\t\t\t\t<\/div>\n\t\t\t\t\t\t\t\t\t<\/a>\n\t\t\t\t\t\t\t<a class=\"e-gallery-item elementor-gallery-item elementor-animated-content\" href=\"http:\/\/portal550.aevn.pt\/wp-content\/uploads\/2023\/07\/ebcm.png\" data-elementor-open-lightbox=\"yes\" data-elementor-lightbox-slideshow=\"b80100f\" data-elementor-lightbox-title=\"Escola B\u00e1sica Campos da Miseric\u00f3rdia\" data-e-action-hash=\"#elementor-action%3Aaction%3Dlightbox%26settings%3DeyJpZCI6MTg5MiwidXJsIjoiaHR0cDpcL1wvcG9ydGFsNTUwLmFldm4ucHRcL3dwLWNvbnRlbnRcL3VwbG9hZHNcLzIwMjNcLzA3XC9lYmNtLnBuZyIsInNsaWRlc2hvdyI6ImI4MDEwMGYifQ%3D%3D\">\n\t\t\t\t\t<div class=\"e-gallery-image elementor-gallery-item__image\" data-thumbnail=\"http:\/\/portal550.aevn.pt\/wp-content\/uploads\/2023\/07\/ebcm-300x195.png\" data-width=\"300\" data-height=\"195\" aria-label=\"\" role=\"img\" ><\/div>\n\t\t\t\t\t\t\t\t\t\t\t<div class=\"elementor-gallery-item__overlay\"><\/div>\n\t\t\t\t\t\t\t\t\t\t\t\t\t\t\t<div class=\"elementor-gallery-item__content\">\n\t\t\t\t\t\t\t\t\t\t\t\t\t\t<div class=\"elementor-gallery-item__title\">\n\t\t\t\t\t\t\t\t\t\t\t\t\t\t\t\t\t\tEscola B\u00e1sica Campos da Miseric\u00f3rdia\t\t\t\t\t\t\t\t<\/div>\n\t\t\t\t\t\t\t\t\t\t\t\t<\/div>\n\t\t\t\t\t\t\t\t\t<\/a>\n\t\t\t\t\t\t\t<a class=\"e-gallery-item elementor-gallery-item elementor-animated-content\" href=\"http:\/\/portal550.aevn.pt\/wp-content\/uploads\/2023\/07\/ebl.png\" data-elementor-open-lightbox=\"yes\" data-elementor-lightbox-slideshow=\"b80100f\" data-elementor-lightbox-title=\"Escola B\u00e1sica de Landeira\" data-e-action-hash=\"#elementor-action%3Aaction%3Dlightbox%26settings%3DeyJpZCI6MTkwMiwidXJsIjoiaHR0cDpcL1wvcG9ydGFsNTUwLmFldm4ucHRcL3dwLWNvbnRlbnRcL3VwbG9hZHNcLzIwMjNcLzA3XC9lYmwucG5nIiwic2xpZGVzaG93IjoiYjgwMTAwZiJ9\">\n\t\t\t\t\t<div class=\"e-gallery-image elementor-gallery-item__image\" data-thumbnail=\"http:\/\/portal550.aevn.pt\/wp-content\/uploads\/2023\/07\/ebl-300x195.png\" data-width=\"300\" data-height=\"195\" aria-label=\"\" role=\"img\" ><\/div>\n\t\t\t\t\t\t\t\t\t\t\t<div class=\"elementor-gallery-item__overlay\"><\/div>\n\t\t\t\t\t\t\t\t\t\t\t\t\t\t\t<div class=\"elementor-gallery-item__content\">\n\t\t\t\t\t\t\t\t\t\t\t\t\t\t<div class=\"elementor-gallery-item__title\">\n\t\t\t\t\t\t\t\t\t\t\t\t\t\t\t\t\t\tEscola B\u00e1sica de Landeira\t\t\t\t\t\t\t\t<\/div>\n\t\t\t\t\t\t\t\t\t\t\t\t<\/div>\n\t\t\t\t\t\t\t\t\t<\/a>\n\t\t\t\t\t\t\t<a class=\"e-gallery-item elementor-gallery-item elementor-animated-content\" href=\"http:\/\/portal550.aevn.pt\/wp-content\/uploads\/2023\/07\/jia.png\" data-elementor-open-lightbox=\"yes\" data-elementor-lightbox-slideshow=\"b80100f\" data-elementor-lightbox-title=\"Jardim de Inf\u00e2ncia da Afeiteira\" data-e-action-hash=\"#elementor-action%3Aaction%3Dlightbox%26settings%3DeyJpZCI6MTg5NiwidXJsIjoiaHR0cDpcL1wvcG9ydGFsNTUwLmFldm4ucHRcL3dwLWNvbnRlbnRcL3VwbG9hZHNcLzIwMjNcLzA3XC9qaWEucG5nIiwic2xpZGVzaG93IjoiYjgwMTAwZiJ9\">\n\t\t\t\t\t<div class=\"e-gallery-image elementor-gallery-item__image\" data-thumbnail=\"http:\/\/portal550.aevn.pt\/wp-content\/uploads\/2023\/07\/jia-300x195.png\" data-width=\"300\" data-height=\"195\" aria-label=\"\" role=\"img\" ><\/div>\n\t\t\t\t\t\t\t\t\t\t\t<div class=\"elementor-gallery-item__overlay\"><\/div>\n\t\t\t\t\t\t\t\t\t\t\t\t\t\t\t<div class=\"elementor-gallery-item__content\">\n\t\t\t\t\t\t\t\t\t\t\t\t\t\t<div class=\"elementor-gallery-item__title\">\n\t\t\t\t\t\t\t\t\t\t\t\t\t\t\t\t\t\tJardim de Inf\u00e2ncia da Afeiteira\t\t\t\t\t\t\t\t<\/div>\n\t\t\t\t\t\t\t\t\t\t\t\t<\/div>\n\t\t\t\t\t\t\t\t\t<\/a>\n\t\t\t\t\t\t\t<a class=\"e-gallery-item elementor-gallery-item elementor-animated-content\" href=\"http:\/\/portal550.aevn.pt\/wp-content\/uploads\/2023\/07\/jimb.png\" data-elementor-open-lightbox=\"yes\" data-elementor-lightbox-slideshow=\"b80100f\" data-elementor-lightbox-title=\"Jardim de Inf\u00e2ncia de Monte Branco\" data-e-action-hash=\"#elementor-action%3Aaction%3Dlightbox%26settings%3DeyJpZCI6MTg5NywidXJsIjoiaHR0cDpcL1wvcG9ydGFsNTUwLmFldm4ucHRcL3dwLWNvbnRlbnRcL3VwbG9hZHNcLzIwMjNcLzA3XC9qaW1iLnBuZyIsInNsaWRlc2hvdyI6ImI4MDEwMGYifQ%3D%3D\">\n\t\t\t\t\t<div class=\"e-gallery-image elementor-gallery-item__image\" data-thumbnail=\"http:\/\/portal550.aevn.pt\/wp-content\/uploads\/2023\/07\/jimb-300x195.png\" data-width=\"300\" data-height=\"195\" aria-label=\"\" role=\"img\" ><\/div>\n\t\t\t\t\t\t\t\t\t\t\t<div class=\"elementor-gallery-item__overlay\"><\/div>\n\t\t\t\t\t\t\t\t\t\t\t\t\t\t\t<div class=\"elementor-gallery-item__content\">\n\t\t\t\t\t\t\t\t\t\t\t\t\t\t<div class=\"elementor-gallery-item__title\">\n\t\t\t\t\t\t\t\t\t\t\t\t\t\t\t\t\t\tJardim de Inf\u00e2ncia de Monte Branco\t\t\t\t\t\t\t\t<\/div>\n\t\t\t\t\t\t\t\t\t\t\t\t<\/div>\n\t\t\t\t\t\t\t\t\t<\/a>\n\t\t\t\t\t<\/div>\n\t\t\t\t\t<\/div>\n\t\t\t\t<\/div>\n\t\t\t\t\t<\/div>\n\t\t<\/div>\n\t\t\t\t\t<\/div>\n\t\t<\/section>\n\t\t\t\t<\/div>\n\t\t","protected":false},"excerpt":{"rendered":"<p>Escola Secund\u00e1ria de Vendas Novas Escola B\u00e1sica n\u00ba1 de Vendas Novas Escola B\u00e1sica n\u00ba2 de Vendas Novas Escola B\u00e1sica Campos da Miseric\u00f3rdia Escola B\u00e1sica de&hellip;<\/p>\n","protected":false},"author":1,"featured_media":0,"parent":1679,"menu_order":0,"comment_status":"closed","ping_status":"closed","template":"","meta":{"qubely_global_settings":"","qubely_interactions":"","_uag_custom_page_level_css":"","footnotes":""},"class_list":["post-1664","page","type-page","status-publish","hentry"],"yoast_head":"<!-- This site is optimized with the Yoast SEO plugin v26.3 - https:\/\/yoast.com\/wordpress\/plugins\/seo\/ -->\n<title>Escolas - Agrupamento de Escolas de Vendas Novas<\/title>\n<meta name=\"robots\" content=\"index, follow, max-snippet:-1, max-image-preview:large, max-video-preview:-1\" \/>\n<link rel=\"canonical\" href=\"http:\/\/portal550.aevn.pt\/index.php\/agrupamento\/escolas\/\" \/>\n<meta property=\"og:locale\" content=\"pt_PT\" \/>\n<meta property=\"og:type\" content=\"article\" \/>\n<meta property=\"og:title\" content=\"Escolas - Agrupamento de Escolas de Vendas Novas\" \/>\n<meta property=\"og:description\" content=\"Escola Secund\u00e1ria de Vendas Novas Escola B\u00e1sica n\u00ba1 de Vendas Novas Escola B\u00e1sica n\u00ba2 de Vendas Novas Escola B\u00e1sica Campos da Miseric\u00f3rdia Escola B\u00e1sica de&hellip;\" \/>\n<meta property=\"og:url\" content=\"http:\/\/portal550.aevn.pt\/index.php\/agrupamento\/escolas\/\" \/>\n<meta property=\"og:site_name\" content=\"Agrupamento de Escolas de Vendas Novas\" \/>\n<meta property=\"article:publisher\" content=\"https:\/\/www.facebook.com\/agrupamentoescolasvendasnovas\" \/>\n<meta property=\"article:modified_time\" content=\"2025-04-22T15:35:41+00:00\" \/>\n<meta name=\"twitter:card\" content=\"summary_large_image\" \/>\n<meta name=\"twitter:label1\" content=\"Tempo estimado de leitura\" \/>\n\t<meta name=\"twitter:data1\" content=\"1 minuto\" \/>\n<script type=\"application\/ld+json\" class=\"yoast-schema-graph\">{\"@context\":\"https:\/\/schema.org\",\"@graph\":[{\"@type\":\"WebPage\",\"@id\":\"http:\/\/portal550.aevn.pt\/index.php\/agrupamento\/escolas\/\",\"url\":\"http:\/\/portal550.aevn.pt\/index.php\/agrupamento\/escolas\/\",\"name\":\"Escolas - Agrupamento de Escolas de Vendas Novas\",\"isPartOf\":{\"@id\":\"http:\/\/portal550.aevn.pt\/#website\"},\"datePublished\":\"2023-07-13T22:23:40+00:00\",\"dateModified\":\"2025-04-22T15:35:41+00:00\",\"breadcrumb\":{\"@id\":\"http:\/\/portal550.aevn.pt\/index.php\/agrupamento\/escolas\/#breadcrumb\"},\"inLanguage\":\"pt-PT\",\"potentialAction\":[{\"@type\":\"ReadAction\",\"target\":[\"http:\/\/portal550.aevn.pt\/index.php\/agrupamento\/escolas\/\"]}]},{\"@type\":\"BreadcrumbList\",\"@id\":\"http:\/\/portal550.aevn.pt\/index.php\/agrupamento\/escolas\/#breadcrumb\",\"itemListElement\":[{\"@type\":\"ListItem\",\"position\":1,\"name\":\"In\u00edcio\",\"item\":\"http:\/\/portal550.aevn.pt\/\"},{\"@type\":\"ListItem\",\"position\":2,\"name\":\"Agrupamento\",\"item\":\"http:\/\/portal550.aevn.pt\/index.php\/agrupamento\/\"},{\"@type\":\"ListItem\",\"position\":3,\"name\":\"Escolas\"}]},{\"@type\":\"WebSite\",\"@id\":\"http:\/\/portal550.aevn.pt\/#website\",\"url\":\"http:\/\/portal550.aevn.pt\/\",\"name\":\"Agrupamento de Escolas de Vendas Novas\",\"description\":\"\",\"publisher\":{\"@id\":\"http:\/\/portal550.aevn.pt\/#organization\"},\"potentialAction\":[{\"@type\":\"SearchAction\",\"target\":{\"@type\":\"EntryPoint\",\"urlTemplate\":\"http:\/\/portal550.aevn.pt\/?s={search_term_string}\"},\"query-input\":{\"@type\":\"PropertyValueSpecification\",\"valueRequired\":true,\"valueName\":\"search_term_string\"}}],\"inLanguage\":\"pt-PT\"},{\"@type\":\"Organization\",\"@id\":\"http:\/\/portal550.aevn.pt\/#organization\",\"name\":\"Agrupamento de Escolas de Vendas Novas\",\"url\":\"http:\/\/portal550.aevn.pt\/\",\"logo\":{\"@type\":\"ImageObject\",\"inLanguage\":\"pt-PT\",\"@id\":\"http:\/\/portal550.aevn.pt\/#\/schema\/logo\/image\/\",\"url\":\"http:\/\/portal550.aevn.pt\/wp-content\/uploads\/2023\/07\/logo_AEVNweb.png\",\"contentUrl\":\"http:\/\/portal550.aevn.pt\/wp-content\/uploads\/2023\/07\/logo_AEVNweb.png\",\"width\":500,\"height\":150,\"caption\":\"Agrupamento de Escolas de Vendas Novas\"},\"image\":{\"@id\":\"http:\/\/portal550.aevn.pt\/#\/schema\/logo\/image\/\"},\"sameAs\":[\"https:\/\/www.facebook.com\/agrupamentoescolasvendasnovas\"]}]}<\/script>\n<!-- \/ Yoast SEO plugin. -->","yoast_head_json":{"title":"Escolas - Agrupamento de Escolas de Vendas Novas","robots":{"index":"index","follow":"follow","max-snippet":"max-snippet:-1","max-image-preview":"max-image-preview:large","max-video-preview":"max-video-preview:-1"},"canonical":"http:\/\/portal550.aevn.pt\/index.php\/agrupamento\/escolas\/","og_locale":"pt_PT","og_type":"article","og_title":"Escolas - Agrupamento de Escolas de Vendas Novas","og_description":"Escola Secund\u00e1ria de Vendas Novas Escola B\u00e1sica n\u00ba1 de Vendas Novas Escola B\u00e1sica n\u00ba2 de Vendas Novas Escola B\u00e1sica Campos da Miseric\u00f3rdia Escola B\u00e1sica de&hellip;","og_url":"http:\/\/portal550.aevn.pt\/index.php\/agrupamento\/escolas\/","og_site_name":"Agrupamento de Escolas de Vendas Novas","article_publisher":"https:\/\/www.facebook.com\/agrupamentoescolasvendasnovas","article_modified_time":"2025-04-22T15:35:41+00:00","twitter_card":"summary_large_image","twitter_misc":{"Tempo estimado de leitura":"1 minuto"},"schema":{"@context":"https:\/\/schema.org","@graph":[{"@type":"WebPage","@id":"http:\/\/portal550.aevn.pt\/index.php\/agrupamento\/escolas\/","url":"http:\/\/portal550.aevn.pt\/index.php\/agrupamento\/escolas\/","name":"Escolas - Agrupamento de Escolas de Vendas Novas","isPartOf":{"@id":"http:\/\/portal550.aevn.pt\/#website"},"datePublished":"2023-07-13T22:23:40+00:00","dateModified":"2025-04-22T15:35:41+00:00","breadcrumb":{"@id":"http:\/\/portal550.aevn.pt\/index.php\/agrupamento\/escolas\/#breadcrumb"},"inLanguage":"pt-PT","potentialAction":[{"@type":"ReadAction","target":["http:\/\/portal550.aevn.pt\/index.php\/agrupamento\/escolas\/"]}]},{"@type":"BreadcrumbList","@id":"http:\/\/portal550.aevn.pt\/index.php\/agrupamento\/escolas\/#breadcrumb","itemListElement":[{"@type":"ListItem","position":1,"name":"In\u00edcio","item":"http:\/\/portal550.aevn.pt\/"},{"@type":"ListItem","position":2,"name":"Agrupamento","item":"http:\/\/portal550.aevn.pt\/index.php\/agrupamento\/"},{"@type":"ListItem","position":3,"name":"Escolas"}]},{"@type":"WebSite","@id":"http:\/\/portal550.aevn.pt\/#website","url":"http:\/\/portal550.aevn.pt\/","name":"Agrupamento de Escolas de Vendas Novas","description":"","publisher":{"@id":"http:\/\/portal550.aevn.pt\/#organization"},"potentialAction":[{"@type":"SearchAction","target":{"@type":"EntryPoint","urlTemplate":"http:\/\/portal550.aevn.pt\/?s={search_term_string}"},"query-input":{"@type":"PropertyValueSpecification","valueRequired":true,"valueName":"search_term_string"}}],"inLanguage":"pt-PT"},{"@type":"Organization","@id":"http:\/\/portal550.aevn.pt\/#organization","name":"Agrupamento de Escolas de Vendas Novas","url":"http:\/\/portal550.aevn.pt\/","logo":{"@type":"ImageObject","inLanguage":"pt-PT","@id":"http:\/\/portal550.aevn.pt\/#\/schema\/logo\/image\/","url":"http:\/\/portal550.aevn.pt\/wp-content\/uploads\/2023\/07\/logo_AEVNweb.png","contentUrl":"http:\/\/portal550.aevn.pt\/wp-content\/uploads\/2023\/07\/logo_AEVNweb.png","width":500,"height":150,"caption":"Agrupamento de Escolas de Vendas Novas"},"image":{"@id":"http:\/\/portal550.aevn.pt\/#\/schema\/logo\/image\/"},"sameAs":["https:\/\/www.facebook.com\/agrupamentoescolasvendasnovas"]}]}},"uagb_featured_image_src":{"full":false,"thumbnail":false,"medium":false,"medium_large":false,"large":false,"1536x1536":false,"2048x2048":false,"qubely_landscape":false,"qubely_portrait":false,"qubely_thumbnail":false},"uagb_author_info":{"display_name":"admin","author_link":"http:\/\/portal550.aevn.pt\/index.php\/author\/f529\/"},"uagb_comment_info":0,"uagb_excerpt":"Escola Secund\u00e1ria de Vendas Novas Escola B\u00e1sica n\u00ba1 de Vendas Novas Escola B\u00e1sica n\u00ba2 de Vendas Novas Escola B\u00e1sica Campos da Miseric\u00f3rdia Escola B\u00e1sica de&hellip;","jetpack_sharing_enabled":true,"_links":{"self":[{"href":"http:\/\/portal550.aevn.pt\/index.php\/wp-json\/wp\/v2\/pages\/1664","targetHints":{"allow":["GET"]}}],"collection":[{"href":"http:\/\/portal550.aevn.pt\/index.php\/wp-json\/wp\/v2\/pages"}],"about":[{"href":"http:\/\/portal550.aevn.pt\/index.php\/wp-json\/wp\/v2\/types\/page"}],"author":[{"embeddable":true,"href":"http:\/\/portal550.aevn.pt\/index.php\/wp-json\/wp\/v2\/users\/1"}],"replies":[{"embeddable":true,"href":"http:\/\/portal550.aevn.pt\/index.php\/wp-json\/wp\/v2\/comments?post=1664"}],"version-history":[{"count":32,"href":"http:\/\/portal550.aevn.pt\/index.php\/wp-json\/wp\/v2\/pages\/1664\/revisions"}],"predecessor-version":[{"id":2362,"href":"http:\/\/portal550.aevn.pt\/index.php\/wp-json\/wp\/v2\/pages\/1664\/revisions\/2362"}],"up":[{"embeddable":true,"href":"http:\/\/portal550.aevn.pt\/index.php\/wp-json\/wp\/v2\/pages\/1679"}],"wp:attachment":[{"href":"http:\/\/portal550.aevn.pt\/index.php\/wp-json\/wp\/v2\/media?parent=1664"}],"curies":[{"name":"wp","href":"https:\/\/api.w.org\/{rel}","templated":true}]}}